{"id":81,"date":"2018-04-25T13:45:23","date_gmt":"2018-04-25T13:45:23","guid":{"rendered":"https:\/\/www.mariannaapartman.hu\/?page_id=81"},"modified":"2018-05-25T15:13:07","modified_gmt":"2018-05-25T15:13:07","slug":"prothetik","status":"publish","type":"page","link":"https:\/\/www.mariannaapartman.hu\/de\/zahnarztpraxis\/services\/prothetik\/","title":{"rendered":"Prothetik"},"content":{"rendered":"<h2>Nicht herausnehmbarer Zahnersatz<\/h2>\n<h3>Definition Krone<\/h3>\n<p><a href=\"https:\/\/www.mariannaapartman.hu\/files\/koronak3-de.jpg\" rel='gallery_post'><img loading=\"lazy\" decoding=\"async\" src=\"https:\/\/www.mariannaapartman.hu\/files\/koronak3-de-300x242.jpg\" alt=\"\" width=\"300\" height=\"242\" class=\"alignright size-medium wp-image-264\" srcset=\"https:\/\/www.mariannaapartman.hu\/files\/koronak3-de-300x242.jpg 300w, https:\/\/www.mariannaapartman.hu\/files\/koronak3-de.jpg 500w\" sizes=\"auto, (max-width: 300px) 100vw, 300px\" \/><\/a>Den ganzen Zahn umh\u00fcllender Mantel, der gefertigt wird, wenn ziemlich viel Substanz aus dem Zahn fehlt, oder nach einer Wurzelbehandlung, damit der Zahn gegen Br\u00fcche oder Karies etc. gesch\u00fctzt werden kann. Eine Krone kann dem Original gleichen, aber auch wunschgem\u00e4\u00df gestaltet werden. Kronen k\u00f6nnen ganz aus Metall oder aus Metallen verschiedener Art mit diversen Verblendungen, oder aus Zirkonium mit Keramikverblendung gefertigt werden.<\/p>\n<h4>Metallkronen mit Keramikverblendung<\/h4>\n<p>Auf den Stumpf fertigt man einen Metallmantel, der nachher mit Keramikmasse in Farbe und Form gestaltet wird. Hierbei gibt das Metallger\u00fcst Widerstand gegen die Kaukr\u00e4fte und das \u00c4sthetische wird durch das Aufbringen der Keramikmassen in mehreren Schichten nach mehreren Br\u00e4nden gesichert.<\/p>\n<h4>Zirkoniumkronen<\/h4>\n<p>Zirkonium ist genau so stabil wie Metall, doch im \u00e4sthetischen Bereich vorteilhafter. Der Unterschied zu Metallkronen ist gewaltig, Zirkonium l\u00e4sst die Lichtstrahlen nicht durch, deshalb scheint die Zirkoniumkrone wei\u00df. Metall erscheint (bei NEM-nicht Edelmetall) grau-silberfarben, Gold ist gelb. Nach einer bestimmten Zeit kann sich das Zahnfleisch zur\u00fcckziehen, da kann eventuell ein d\u00fcnner grauer Rand am Zahnhals zu sehen sein. Bei der Zirkoniumkrone kann das nicht passieren, denn Zirkonium leitet die W\u00e4rme nicht gut, so irritiert sie das Zahnfleisch nicht, aus diesem Grund ist die keramikverblendete Zirkoniumkrone zurzeit die effektivste Zahnersatzvariante. Auch Goldkeramikkronen sind nicht mit dieser gleichwertig!<\/p>\n<p>Eine Krone h\u00e4lt durschnittlich 8-10 Jahre. Bei guter Pflege, Mundhygiene und Einhaltung der Kontrolltermine kann diese Zeit weit \u00fcberschritten werden<\/p>\n<h3>Br\u00fccken<\/h3>\n<p>Wenn einer oder mehrere Z\u00e4hne fehlen, wird eine Br\u00fccke gefertigt, damit die fehlenden Z\u00e4hne ersetzt werden.Die Br\u00fccke besteht aus dem Pfeiler mit Kronen und aus Br\u00fcckengliedern, die anstatt fehlender Z\u00e4hne dazwischengegliedert werden. Die Br\u00fccken werden aus den gleichen Materialien wie die Kronen gefertigt.<\/p>\n<p>Bei der Erstellung einer Br\u00fccke werden die Pfeilerz\u00e4hne vom Zahnarzt abgeschliffen und prepariert. Das Abschleifen erfolgt so, dass die Krone gen\u00fcgend Platz in der Zahnreihe hat. Danach wird Bissabdruck genommen von der beschliffenen Seite und auch von der Gegenseite, damit der Zahntechniker alle notwendigen Angaben hat. Nachdem der Zahntechniker die Br\u00fccke fertig hat, wird sie anprobiert. Wenn Zahnarzt und Patient zufrieden sind, wird die Br\u00fccke eingegliedert.<\/p>\n<h2>Herausnehmbarer Zahnersatz<\/h2>\n<h3>Partielle Prothese<\/h3>\n<p><img loading=\"lazy\" decoding=\"async\" class=\"alignright size-medium wp-image-200\" src=\"https:\/\/www.mariannaapartman.hu\/files\/reszleges_kiveheto_protezis-300x221.jpg\" alt=\"\" width=\"300\" height=\"221\" srcset=\"https:\/\/www.mariannaapartman.hu\/files\/reszleges_kiveheto_protezis-300x221.jpg 300w, https:\/\/www.mariannaapartman.hu\/files\/reszleges_kiveheto_protezis.jpg 480w\" sizes=\"auto, (max-width: 300px) 100vw, 300px\" \/>Wenn der Patient noch Z\u00e4hne besitzt, aber schon zu viele fehlen, also keine Br\u00fccke mehr gemacht werden kann, dann w\u00e4hlt man die M\u00f6glichkeit, dass au\u00dfer der Z\u00e4hne auch das Zahnfleisch vom Zahnersatz belastet wird. Diese sogenannte partielle Prothese kann an den Z\u00e4hnen mit Klammern, mit feinmechanischen Elementen &#8211; wie Geschiebe und Anker oder mit Steg- und Teleskopkonstruktion befestigt werden. Die letzteren der Halteelemente sind \u00e4sthetischer, stabiler und sicherer als die Klammerkonstruktionen, k\u00f6nnen aber nur in Verbindung mit Zahn\u00fcberkronungen gestaltet werden.<\/p>\n<h3>Totale Prothese<\/h3>\n<p><img loading=\"lazy\" decoding=\"async\" class=\"alignright size-medium wp-image-201\" src=\"https:\/\/www.mariannaapartman.hu\/files\/teljes_protezis-300x244.jpg\" alt=\"\" width=\"300\" height=\"244\" srcset=\"https:\/\/www.mariannaapartman.hu\/files\/teljes_protezis-300x244.jpg 300w, https:\/\/www.mariannaapartman.hu\/files\/teljes_protezis.jpg 480w\" sizes=\"auto, (max-width: 300px) 100vw, 300px\" \/>Die totale Prothese ist ein Zahnersatz, welcher nicht nur die fehlenden Z\u00e4hne ersetzt, sondern die Kaubelastung auf das Zahnfleisch und die Gesichtsmuskulatur \u00fcbertr\u00e4gt, Halt f\u00fcr die Lippen gibt, vorteilhaft f\u00fcr die Erscheinung ist und Sie j\u00fcnger erscheinen l\u00e4sst. Die Wangen sind nicht mehr eingefallen, das L\u00e4cheln gelingt wieder und ist sch\u00f6ner.<\/p>\n<p>Die neue Prothese kann in der ersten Zeit ungew\u00f6hnlich, unbequem sogar fremd wirken, darum braucht man einen starken Willen, um sich an diese zu gew\u00f6hnen. Es muss dann auch gelernt werden mit der Prothese sprechen, essen, und kauen zu k\u00f6nnen. Dieser Zahnersatz liegt auf der Schleimhaut auf, deren Belastbarkeit sehr unterschiedlich ist. Es kann also vorkommen, dass nach ein paar Tagen wieder ein Arztbesuch notwendig w\u00e4re, um n\u00f6tige Korrekturen machen zu k\u00f6nnen. Druckstellen sind normal und k\u00f6nnen beseitigt werden.<\/p>\n<p>Da die Prothese zu jeder Zeit herausnehmbar ist, liegt es nur am Patienten, wie schnell er sich daran gew\u00f6hnt.<\/p>\n<p>Am Anfang scheint vielleicht die Passgenauigkeit der Prothese ein bisschen problematisch, aber nachdem die Gesichtsmuskulatur und die Zunge es gelernt haben, die Prothese zu halten, lagert sie sich ein und und die Normalit\u00e4t ist wieder vorhanden. Es ist auch \u00fcblich, dass sich am Anfang mehr Speichel bildet, aber das gibt sich mit der Zeit.<\/p>\n<p>Wenn Sie bei uns einen Termin haben m\u00f6c<\/p>\n\n<div class=\"wpcf7 no-js\" id=\"wpcf7-f159-o1\" lang=\"hu-HU\" dir=\"ltr\" data-wpcf7-id=\"159\">\n<div class=\"screen-reader-response\"><p role=\"status\" aria-live=\"polite\" aria-atomic=\"true\"><\/p> <ul><\/ul><\/div>\n<form action=\"\/de\/wp-json\/wp\/v2\/pages\/81#wpcf7-f159-o1\" method=\"post\" class=\"wpcf7-form init\" aria-label=\"Kapcsolatfelv\u00e9teli \u0171rlap\" novalidate=\"novalidate\" data-status=\"init\">\n<fieldset class=\"hidden-fields-container\"><input type=\"hidden\" name=\"_wpcf7\" value=\"159\" \/><input type=\"hidden\" name=\"_wpcf7_version\" value=\"6.1.5\" \/><input type=\"hidden\" name=\"_wpcf7_locale\" value=\"hu_HU\" \/><input type=\"hidden\" name=\"_wpcf7_unit_tag\" value=\"wpcf7-f159-o1\" \/><input type=\"hidden\" name=\"_wpcf7_container_post\" value=\"0\" \/><input type=\"hidden\" name=\"_wpcf7_posted_data_hash\" value=\"\" \/>\n<\/fieldset>\n<h1>Terminvereinbarung<\/h1>\n<p class=\"required\">Mit * markierte Felder sind Pflichtfelder, bitte unbedingt ausf\u00fcllen.<\/p>\n\n<div class=\"form-row\">\n    <div class=\"form-group col-md-6\">\n      <label for=\"nev\">Name*<\/label>\n      <div class=\"form-group nev\"><input class=\"wpcf7-form-control wpcf7-text wpcf7-validates-as-required form-control form-control\" name=\"nev\" type=\"text\" value=\"\" aria-invalid=\"false\" aria-required=\"true\" required><\/div>\n    <\/div>\n    <div class=\"form-group col-md-6\">\n      <label for=\"email\"\">E-mail*<\/label>\n      <div class=\"form-group email\"><input class=\"wpcf7-form-control wpcf7-email wpcf7-validates-as-required wpcf7-text wpcf7-validates-as-email form-control form-control\" name=\"email\" type=\"email\" value=\"\" aria-invalid=\"false\" aria-required=\"true\" required><\/div>\n    <\/div>\n<\/div>\n<div class=\"form-row\">\n    <div class=\"form-group col-md-6\">\n      <label for=\"telefon\">Telefon-Nr.*<\/label>\n      <div class=\"form-group telefon\"><input class=\"wpcf7-form-control wpcf7-text wpcf7-validates-as-required form-control form-control\" name=\"telefon\" type=\"text\" value=\"\" aria-invalid=\"false\" aria-required=\"true\" required><\/div>\n    <\/div>\n    <div class=\"form-group col-md-6\">\n      <label for=\"fax\"\">Adresse*<\/label>\n      <div class=\"form-group cim\"><input class=\"wpcf7-form-control wpcf7-text wpcf7-validates-as-required form-control form-control\" name=\"cim\" type=\"text\" value=\"\" aria-invalid=\"false\" aria-required=\"true\" required><\/div>\n    <\/div>\n<\/div>\n\n<div class=\"form-group\">\n    <label for=\"megjegyezes\">Beschreibung der Beschwerden*<\/label>\n    <div class=\"form-group uzenet\"><textarea class=\"wpcf7-form-control wpcf7-textarea wpcf7-validates-as-required form-control form-control\" name=\"uzenet\" rows=\"4\" aria-invalid=\"false\" aria-required=\"true\" required><\/textarea><\/div>\n<\/div>\n\n<div class=\"form-group\">\n\t[recaptcha]\n<\/div>\n<div class=\"form-group row\">\n\t<div class=\"col-sm-offset-2 col-10\">\n\t\t<div class=\"form-group wpcf7-form-control wpcf7-acceptance acceptance-279\"><div class=\"checkbox wpcf7-form-control wpcf7-acceptance acceptance-279\"><label ><input name=\"acceptance-279\" type=\"checkbox\" value=\"1\" aria-invalid=\"false\">&nbsp;&nbsp;Ich bin mit der Verarbeitung meiner Daten einverstanden<\/label><\/div><\/div>\n\t<\/div>\n<\/div>\n<div class=\"form-group row\">\n\t<div class=\"col-sm-offset-2 col-md-1 col-auto\">\n\t\t<div class=\"form-group\"><div><div class=\"cf7-cf-turnstile\" style=\"margin-top: 0px; margin-bottom: -15px;\"> <div id=\"cf-turnstile-cf7-1965246230\" class=\"cf-turnstile\" data-sitekey=\"0x4AAAAAAA7pGSWgz6UBO84Q\" data-theme=\"light\" data-language=\"auto\" data-size=\"normal\" data-retry=\"auto\" data-retry-interval=\"1000\" data-refresh-expired=\"auto\" data-action=\"contact-form-7\" data-appearance=\"always\"><\/div> <script>document.addEventListener(\"DOMContentLoaded\", function() { setTimeout(function(){ var e=document.getElementById(\"cf-turnstile-cf7-1965246230\"); e&&!e.innerHTML.trim()&&(turnstile.remove(\"#cf-turnstile-cf7-1965246230\"), turnstile.render(\"#cf-turnstile-cf7-1965246230\", {sitekey:\"0x4AAAAAAA7pGSWgz6UBO84Q\"})); }, 100); });<\/script> <br class=\"cf-turnstile-br cf-turnstile-br-cf7-1965246230\"> <style>#cf-turnstile-cf7-1965246230 { margin-left: -15px; }<\/style> <script>document.addEventListener(\"DOMContentLoaded\",function(){document.querySelectorAll('.wpcf7-form').forEach(function(e){e.addEventListener('submit',function(){if(document.getElementById('cf-turnstile-cf7-1965246230')){setTimeout(function(){turnstile.reset('#cf-turnstile-cf7-1965246230');},1000)}})})});<\/script> <\/div><br\/><input class=\"wpcf7-form-control wpcf7-submit btn btn-primary\" type=\"submit\" value=\"Senden\"><\/div><\/div>\n\t<\/div>\n<\/div><div class=\"wpcf7-response-output alert alert-warning\"><\/div>\n<\/form>\n<\/div>\n\n","protected":false},"excerpt":{"rendered":"<p>Nicht herausnehmbarer Zahnersatz Definition Krone Den ganzen Zahn umh\u00fcllender Mantel, der gefertigt wird, wenn ziemlich viel Substanz aus dem Zahn fehlt, oder nach einer Wurzelbehandlung, damit der Zahn gegen Br\u00fcche oder Karies etc. gesch\u00fctzt werden kann. Eine Krone kann dem Original gleichen, aber auch wunschgem\u00e4\u00df gestaltet werden. Kronen k\u00f6nnen ganz aus Metall oder aus Metallen [&hellip;]<\/p>\n","protected":false},"author":1,"featured_media":0,"parent":73,"menu_order":0,"comment_status":"closed","ping_status":"closed","template":"","meta":{"footnotes":""},"class_list":["post-81","page","type-page","status-publish","hentry"],"yoast_head":"<!-- This site is optimized with the Yoast SEO plugin v27.1.1 - https:\/\/yoast.com\/product\/yoast-seo-wordpress\/ -->\n<title>Zahnarztpraxis \u00bb Zahnarztordination in Nagykanizsa und Zalakaros \u00bb Prothetik<\/title>\n<meta name=\"description\" content=\"In freundlicher Umgebung, ingut eingerichteten Ordinationen erwarte ich meine Patienten in Nagykanizsa und Zalakaros. Haben Sie Vertrauen!\" \/>\n<meta name=\"robots\" content=\"index, follow, max-snippet:-1, max-image-preview:large, max-video-preview:-1\" \/>\n<link rel=\"canonical\" href=\"https:\/\/www.mariannaapartman.hu\/de\/zahnarztpraxis\/services\/prothetik\/\" \/>\n<meta property=\"og:locale\" content=\"de_DE\" \/>\n<meta property=\"og:type\" content=\"article\" \/>\n<meta property=\"og:title\" content=\"Zahnarztpraxis \u00bb Zahnarztordination in Nagykanizsa und Zalakaros \u00bb Prothetik\" \/>\n<meta property=\"og:description\" content=\"In freundlicher Umgebung, ingut eingerichteten Ordinationen erwarte ich meine Patienten in Nagykanizsa und Zalakaros. Haben Sie Vertrauen!\" \/>\n<meta property=\"og:url\" content=\"https:\/\/www.mariannaapartman.hu\/de\/zahnarztpraxis\/services\/prothetik\/\" \/>\n<meta property=\"og:site_name\" content=\"Marianna Apartmanh\u00e1z Zalakaros \u00bb Dr. Muczer Marianna fog\u00e1szati mag\u00e1npraxis\" \/>\n<meta property=\"article:modified_time\" content=\"2018-05-25T15:13:07+00:00\" \/>\n<meta property=\"og:image\" content=\"https:\/\/www.mariannaapartman.hu\/files\/koronak3-de-300x242.jpg\" \/>\n<meta name=\"twitter:card\" content=\"summary_large_image\" \/>\n<meta name=\"twitter:label1\" content=\"Gesch\u00e4tzte Lesezeit\" \/>\n\t<meta name=\"twitter:data1\" content=\"3\u00a0Minuten\" \/>\n<script type=\"application\/ld+json\" class=\"yoast-schema-graph\">{\"@context\":\"https:\/\/schema.org\",\"@graph\":[{\"@type\":\"WebPage\",\"@id\":\"https:\/\/www.mariannaapartman.hu\/de\/zahnarztpraxis\/services\/prothetik\/\",\"url\":\"https:\/\/www.mariannaapartman.hu\/de\/zahnarztpraxis\/services\/prothetik\/\",\"name\":\"Zahnarztpraxis \u00bb Zahnarztordination in Nagykanizsa und Zalakaros \u00bb Prothetik\",\"isPartOf\":{\"@id\":\"https:\/\/www.mariannaapartman.hu\/#website\"},\"primaryImageOfPage\":{\"@id\":\"https:\/\/www.mariannaapartman.hu\/de\/zahnarztpraxis\/services\/prothetik\/#primaryimage\"},\"image\":{\"@id\":\"https:\/\/www.mariannaapartman.hu\/de\/zahnarztpraxis\/services\/prothetik\/#primaryimage\"},\"thumbnailUrl\":\"https:\/\/www.mariannaapartman.hu\/files\/koronak3-de-300x242.jpg\",\"datePublished\":\"2018-04-25T13:45:23+00:00\",\"dateModified\":\"2018-05-25T15:13:07+00:00\",\"description\":\"In freundlicher Umgebung, ingut eingerichteten Ordinationen erwarte ich meine Patienten in Nagykanizsa und Zalakaros. Haben Sie Vertrauen!\",\"breadcrumb\":{\"@id\":\"https:\/\/www.mariannaapartman.hu\/de\/zahnarztpraxis\/services\/prothetik\/#breadcrumb\"},\"inLanguage\":\"de\",\"potentialAction\":[{\"@type\":\"ReadAction\",\"target\":[\"https:\/\/www.mariannaapartman.hu\/de\/zahnarztpraxis\/services\/prothetik\/\"]}]},{\"@type\":\"ImageObject\",\"inLanguage\":\"de\",\"@id\":\"https:\/\/www.mariannaapartman.hu\/de\/zahnarztpraxis\/services\/prothetik\/#primaryimage\",\"url\":\"https:\/\/www.mariannaapartman.hu\/files\/koronak3-de-300x242.jpg\",\"contentUrl\":\"https:\/\/www.mariannaapartman.hu\/files\/koronak3-de-300x242.jpg\"},{\"@type\":\"BreadcrumbList\",\"@id\":\"https:\/\/www.mariannaapartman.hu\/de\/zahnarztpraxis\/services\/prothetik\/#breadcrumb\",\"itemListElement\":[{\"@type\":\"ListItem\",\"position\":1,\"name\":\"Home\",\"item\":\"https:\/\/www.mariannaapartman.hu\/\"},{\"@type\":\"ListItem\",\"position\":2,\"name\":\"Zahnarztpraxis\",\"item\":\"https:\/\/www.mariannaapartman.hu\/de\/zahnarztpraxis\/\"},{\"@type\":\"ListItem\",\"position\":3,\"name\":\"Services\",\"item\":\"https:\/\/www.mariannaapartman.hu\/de\/zahnarztpraxis\/services\/\"},{\"@type\":\"ListItem\",\"position\":4,\"name\":\"Prothetik\"}]},{\"@type\":\"WebSite\",\"@id\":\"https:\/\/www.mariannaapartman.hu\/#website\",\"url\":\"https:\/\/www.mariannaapartman.hu\/\",\"name\":\"Marianna Apartmanh\u00e1z Zalakaros \u00bb Dr. Muczer Marianna fog\u00e1szati mag\u00e1npraxis\",\"description\":\"\",\"potentialAction\":[{\"@type\":\"SearchAction\",\"target\":{\"@type\":\"EntryPoint\",\"urlTemplate\":\"https:\/\/www.mariannaapartman.hu\/?s={search_term_string}\"},\"query-input\":{\"@type\":\"PropertyValueSpecification\",\"valueRequired\":true,\"valueName\":\"search_term_string\"}}],\"inLanguage\":\"de\"}]}<\/script>\n<!-- \/ Yoast SEO plugin. -->","yoast_head_json":{"title":"Zahnarztpraxis \u00bb Zahnarztordination in Nagykanizsa und Zalakaros \u00bb Prothetik","description":"In freundlicher Umgebung, ingut eingerichteten Ordinationen erwarte ich meine Patienten in Nagykanizsa und Zalakaros. Haben Sie Vertrauen!","robots":{"index":"index","follow":"follow","max-snippet":"max-snippet:-1","max-image-preview":"max-image-preview:large","max-video-preview":"max-video-preview:-1"},"canonical":"https:\/\/www.mariannaapartman.hu\/de\/zahnarztpraxis\/services\/prothetik\/","og_locale":"de_DE","og_type":"article","og_title":"Zahnarztpraxis \u00bb Zahnarztordination in Nagykanizsa und Zalakaros \u00bb Prothetik","og_description":"In freundlicher Umgebung, ingut eingerichteten Ordinationen erwarte ich meine Patienten in Nagykanizsa und Zalakaros. Haben Sie Vertrauen!","og_url":"https:\/\/www.mariannaapartman.hu\/de\/zahnarztpraxis\/services\/prothetik\/","og_site_name":"Marianna Apartmanh\u00e1z Zalakaros \u00bb Dr. Muczer Marianna fog\u00e1szati mag\u00e1npraxis","article_modified_time":"2018-05-25T15:13:07+00:00","og_image":[{"url":"https:\/\/www.mariannaapartman.hu\/files\/koronak3-de-300x242.jpg","type":"","width":"","height":""}],"twitter_card":"summary_large_image","twitter_misc":{"Gesch\u00e4tzte Lesezeit":"3\u00a0Minuten"},"schema":{"@context":"https:\/\/schema.org","@graph":[{"@type":"WebPage","@id":"https:\/\/www.mariannaapartman.hu\/de\/zahnarztpraxis\/services\/prothetik\/","url":"https:\/\/www.mariannaapartman.hu\/de\/zahnarztpraxis\/services\/prothetik\/","name":"Zahnarztpraxis \u00bb Zahnarztordination in Nagykanizsa und Zalakaros \u00bb Prothetik","isPartOf":{"@id":"https:\/\/www.mariannaapartman.hu\/#website"},"primaryImageOfPage":{"@id":"https:\/\/www.mariannaapartman.hu\/de\/zahnarztpraxis\/services\/prothetik\/#primaryimage"},"image":{"@id":"https:\/\/www.mariannaapartman.hu\/de\/zahnarztpraxis\/services\/prothetik\/#primaryimage"},"thumbnailUrl":"https:\/\/www.mariannaapartman.hu\/files\/koronak3-de-300x242.jpg","datePublished":"2018-04-25T13:45:23+00:00","dateModified":"2018-05-25T15:13:07+00:00","description":"In freundlicher Umgebung, ingut eingerichteten Ordinationen erwarte ich meine Patienten in Nagykanizsa und Zalakaros. Haben Sie Vertrauen!","breadcrumb":{"@id":"https:\/\/www.mariannaapartman.hu\/de\/zahnarztpraxis\/services\/prothetik\/#breadcrumb"},"inLanguage":"de","potentialAction":[{"@type":"ReadAction","target":["https:\/\/www.mariannaapartman.hu\/de\/zahnarztpraxis\/services\/prothetik\/"]}]},{"@type":"ImageObject","inLanguage":"de","@id":"https:\/\/www.mariannaapartman.hu\/de\/zahnarztpraxis\/services\/prothetik\/#primaryimage","url":"https:\/\/www.mariannaapartman.hu\/files\/koronak3-de-300x242.jpg","contentUrl":"https:\/\/www.mariannaapartman.hu\/files\/koronak3-de-300x242.jpg"},{"@type":"BreadcrumbList","@id":"https:\/\/www.mariannaapartman.hu\/de\/zahnarztpraxis\/services\/prothetik\/#breadcrumb","itemListElement":[{"@type":"ListItem","position":1,"name":"Home","item":"https:\/\/www.mariannaapartman.hu\/"},{"@type":"ListItem","position":2,"name":"Zahnarztpraxis","item":"https:\/\/www.mariannaapartman.hu\/de\/zahnarztpraxis\/"},{"@type":"ListItem","position":3,"name":"Services","item":"https:\/\/www.mariannaapartman.hu\/de\/zahnarztpraxis\/services\/"},{"@type":"ListItem","position":4,"name":"Prothetik"}]},{"@type":"WebSite","@id":"https:\/\/www.mariannaapartman.hu\/#website","url":"https:\/\/www.mariannaapartman.hu\/","name":"Marianna Apartmanh\u00e1z Zalakaros \u00bb Dr. Muczer Marianna fog\u00e1szati mag\u00e1npraxis","description":"","potentialAction":[{"@type":"SearchAction","target":{"@type":"EntryPoint","urlTemplate":"https:\/\/www.mariannaapartman.hu\/?s={search_term_string}"},"query-input":{"@type":"PropertyValueSpecification","valueRequired":true,"valueName":"search_term_string"}}],"inLanguage":"de"}]}},"_links":{"self":[{"href":"https:\/\/www.mariannaapartman.hu\/de\/wp-json\/wp\/v2\/pages\/81","targetHints":{"allow":["GET"]}}],"collection":[{"href":"https:\/\/www.mariannaapartman.hu\/de\/wp-json\/wp\/v2\/pages"}],"about":[{"href":"https:\/\/www.mariannaapartman.hu\/de\/wp-json\/wp\/v2\/types\/page"}],"author":[{"embeddable":true,"href":"https:\/\/www.mariannaapartman.hu\/de\/wp-json\/wp\/v2\/users\/1"}],"replies":[{"embeddable":true,"href":"https:\/\/www.mariannaapartman.hu\/de\/wp-json\/wp\/v2\/comments?post=81"}],"version-history":[{"count":0,"href":"https:\/\/www.mariannaapartman.hu\/de\/wp-json\/wp\/v2\/pages\/81\/revisions"}],"up":[{"embeddable":true,"href":"https:\/\/www.mariannaapartman.hu\/de\/wp-json\/wp\/v2\/pages\/73"}],"wp:attachment":[{"href":"https:\/\/www.mariannaapartman.hu\/de\/wp-json\/wp\/v2\/media?parent=81"}],"curies":[{"name":"wp","href":"https:\/\/api.w.org\/{rel}","templated":true}]}}